{"id":10643,"date":"2017-09-21T15:34:13","date_gmt":"2017-09-21T14:34:13","guid":{"rendered":"http:\/\/www.photo.lumn.eu\/wordpress\/wp-content\/uploads\/2017\/09\/DSC07998-1p.jpg"},"modified":"2017-09-21T15:34:28","modified_gmt":"2017-09-21T14:34:28","slug":"dsc07998-1p","status":"inherit","type":"attachment","link":"http:\/\/www.photo.lumn.eu\/wordpress\/2017\/09\/21\/equinoxe\/dsc07998-1p\/","title":{"rendered":"Equinoxe"},"author":1,"featured_media":0,"comment_status":"open","ping_status":"closed","template":"","meta":[],"class_list":["post-10643","attachment","type-attachment","status-inherit","hentry"],"description":{"rendered":"<p class=\"attachment\"><a href='http:\/\/www.photo.lumn.eu\/wordpress\/wp-content\/uploads\/2017\/09\/DSC07998-1p.jpg'><img loading=\"lazy\" decoding=\"async\" width=\"300\" height=\"200\" src=\"http:\/\/www.photo.lumn.eu\/wordpress\/wp-content\/uploads\/2017\/09\/DSC07998-1p-300x200.jpg\" class=\"attachment-medium size-medium\" alt=\"\" srcset=\"http:\/\/www.photo.lumn.eu\/wordpress\/wp-content\/uploads\/2017\/09\/DSC07998-1p-300x200.jpg 300w, http:\/\/www.photo.lumn.eu\/wordpress\/wp-content\/uploads\/2017\/09\/DSC07998-1p-1024x683.jpg 1024w, http:\/\/www.photo.lumn.eu\/wordpress\/wp-content\/uploads\/2017\/09\/DSC07998-1p.jpg 1920w\" sizes=\"auto, (max-width: 300px) 100vw, 300px\" \/><\/a><\/p>\n<p>L&rsquo;\u00e9quinoxe.  Elle est comme cet arbre, moiti\u00e9 dans l&rsquo;ombre et pourtant, si bien illumin\u00e9e, ainsi va la ligne de partage de la lumi\u00e8re, elle joue en contraste, elle flamboie dans le ciel et les silhouettes des choses en sont valoris\u00e9es.<\/p>\n"},"caption":{"rendered":"<p>21 septembre 2017<\/p>\n"},"alt_text":"","media_type":"image","mime_type":"image\/jpeg","media_details":{"width":1920,"height":1280,"file":"2017\/09\/DSC07998-1p.jpg","sizes":{"thumbnail":{"file":"DSC07998-1p-150x150.jpg","width":150,"height":150,"mime_type":"image\/jpeg","source_url":"http:\/\/www.photo.lumn.eu\/wordpress\/wp-content\/uploads\/2017\/09\/DSC07998-1p-150x150.jpg"},"medium":{"file":"DSC07998-1p-300x200.jpg","width":300,"height":200,"mime_type":"image\/jpeg","source_url":"http:\/\/www.photo.lumn.eu\/wordpress\/wp-content\/uploads\/2017\/09\/DSC07998-1p-300x200.jpg"},"large":{"file":"DSC07998-1p-1024x683.jpg","width":1024,"height":683,"mime_type":"image\/jpeg","source_url":"http:\/\/www.photo.lumn.eu\/wordpress\/wp-content\/uploads\/2017\/09\/DSC07998-1p-1024x683.jpg"},"full":{"file":"DSC07998-1p.jpg","width":1920,"height":1280,"mime_type":"image\/jpeg","source_url":"http:\/\/www.photo.lumn.eu\/wordpress\/wp-content\/uploads\/2017\/09\/DSC07998-1p.jpg"}},"image_meta":{"aperture":"4","credit":"","camera":"ILCA-99M2","caption":"","created_timestamp":"1505979555","copyright":"","focal_length":"200","iso":"640","shutter_speed":"0.016666666666667","title":"","orientation":"1","keywords":[]}},"post":10642,"source_url":"http:\/\/www.photo.lumn.eu\/wordpress\/wp-content\/uploads\/2017\/09\/DSC07998-1p.jpg","_links":{"self":[{"href":"http:\/\/www.photo.lumn.eu\/wordpress\/wp-json\/wp\/v2\/media\/10643","targetHints":{"allow":["GET"]}}],"collection":[{"href":"http:\/\/www.photo.lumn.eu\/wordpress\/wp-json\/wp\/v2\/media"}],"about":[{"href":"http:\/\/www.photo.lumn.eu\/wordpress\/wp-json\/wp\/v2\/types\/attachment"}],"author":[{"embeddable":true,"href":"http:\/\/www.photo.lumn.eu\/wordpress\/wp-json\/wp\/v2\/users\/1"}],"replies":[{"embeddable":true,"href":"http:\/\/www.photo.lumn.eu\/wordpress\/wp-json\/wp\/v2\/comments?post=10643"}]}}